{"id":1465,"date":"2024-03-27T15:24:45","date_gmt":"2024-03-27T14:24:45","guid":{"rendered":"https:\/\/pba.mmsh.fr\/?page_id=1465"},"modified":"2026-03-11T16:32:20","modified_gmt":"2026-03-11T15:32:20","slug":"weblab","status":"publish","type":"page","link":"https:\/\/pba.mmsh.fr\/?page_id=1465","title":{"rendered":"WebLab"},"content":{"rendered":"<div class='__iawmlf-post-loop-links' style='display:none;' data-iawmlf-post-links='[{&quot;id&quot;:10,&quot;href&quot;:&quot;https:\\\/\\\/www.iufrance.fr\\\/les-membres-de-liuf\\\/membre\\\/2610-sophie-gebeil.html&quot;,&quot;archived_href&quot;:&quot;&quot;,&quot;redirect_href&quot;:&quot;&quot;,&quot;checks&quot;:[],&quot;broken&quot;:false,&quot;last_checked&quot;:null,&quot;process&quot;:&quot;done&quot;},{&quot;id&quot;:8,&quot;href&quot;:&quot;https:\\\/\\\/resaw2023.sciencesconf.org&quot;,&quot;archived_href&quot;:&quot;&quot;,&quot;redirect_href&quot;:&quot;&quot;,&quot;checks&quot;:[],&quot;broken&quot;:false,&quot;last_checked&quot;:null,&quot;process&quot;:&quot;done&quot;},{&quot;id&quot;:174,&quot;href&quot;:&quot;https:\\\/\\\/www.bnf.fr\\\/fr\\\/les-projets-de-recherche-bnf-datalab&quot;,&quot;archived_href&quot;:&quot;&quot;,&quot;redirect_href&quot;:&quot;https:\\\/\\\/www.bnf.fr\\\/fr\\\/les-projets-accueillis-bnf-datalab&quot;,&quot;checks&quot;:[],&quot;broken&quot;:false,&quot;last_checked&quot;:null,&quot;process&quot;:&quot;done&quot;},{&quot;id&quot;:37,&quot;href&quot;:&quot;https:\\\/\\\/distam.hypotheses.org&quot;,&quot;archived_href&quot;:&quot;&quot;,&quot;redirect_href&quot;:&quot;&quot;,&quot;checks&quot;:[],&quot;broken&quot;:false,&quot;last_checked&quot;:null,&quot;process&quot;:&quot;done&quot;},{&quot;id&quot;:175,&quot;href&quot;:&quot;https:\\\/\\\/respadon.hypotheses.org&quot;,&quot;archived_href&quot;:&quot;https:\\\/\\\/web-wp.archive.org\\\/web\\\/20260416181545\\\/https:\\\/\\\/respadon.hypotheses.org\\\/&quot;,&quot;redirect_href&quot;:&quot;&quot;,&quot;checks&quot;:[{&quot;date&quot;:&quot;2026-04-17 05:44:12&quot;,&quot;http_code&quot;:200},{&quot;date&quot;:&quot;2026-04-20 10:22:08&quot;,&quot;http_code&quot;:200},{&quot;date&quot;:&quot;2026-04-24 14:11:58&quot;,&quot;http_code&quot;:200},{&quot;date&quot;:&quot;2026-04-27 17:26:22&quot;,&quot;http_code&quot;:200}],&quot;broken&quot;:false,&quot;last_checked&quot;:{&quot;date&quot;:&quot;2026-04-27 17:26:22&quot;,&quot;http_code&quot;:200},&quot;process&quot;:&quot;done&quot;},{&quot;id&quot;:6,&quot;href&quot;:&quot;https:\\\/\\\/cc.au.dk\\\/en\\\/resaw&quot;,&quot;archived_href&quot;:&quot;&quot;,&quot;redirect_href&quot;:&quot;&quot;,&quot;checks&quot;:[],&quot;broken&quot;:false,&quot;last_checked&quot;:null,&quot;process&quot;:&quot;done&quot;},{&quot;id&quot;:176,&quot;href&quot;:&quot;https:\\\/\\\/netpreserve.org&quot;,&quot;archived_href&quot;:&quot;https:\\\/\\\/web-wp.archive.org\\\/web\\\/20260416181550\\\/https:\\\/\\\/netpreserve.org\\\/&quot;,&quot;redirect_href&quot;:&quot;&quot;,&quot;checks&quot;:[{&quot;date&quot;:&quot;2026-04-17 05:44:13&quot;,&quot;http_code&quot;:200},{&quot;date&quot;:&quot;2026-04-20 10:22:10&quot;,&quot;http_code&quot;:200},{&quot;date&quot;:&quot;2026-04-24 14:11:59&quot;,&quot;http_code&quot;:200},{&quot;date&quot;:&quot;2026-04-27 17:26:23&quot;,&quot;http_code&quot;:200}],&quot;broken&quot;:false,&quot;last_checked&quot;:{&quot;date&quot;:&quot;2026-04-27 17:26:23&quot;,&quot;http_code&quot;:200},&quot;process&quot;:&quot;done&quot;}]'><\/div>\n<p class=\"has-text-align-right\"><a href=\"#EN\">English version<\/a><\/p>\n\n\n\n<p>Le WebLab est un lieu de r\u00e9flexion et de pratique pour l&rsquo;\u00e9tude du web archiv\u00e9 et des nouveaux m\u00e9dias impuls\u00e9 par Sophie Gebeil en tant que laur\u00e9ate d&rsquo;une Chaire M\u00e9diation Scientifique \u00e0 l&rsquo;<a href=\"https:\/\/www.iufrance.fr\/les-membres-de-liuf\/membre\/2610-sophie-gebeil.html\">Institut Universitaire de France<\/a>.  <\/p>\n\n\n\n<h2 class=\"wp-block-heading\">Objectifs du WebLab<\/h2>\n\n\n\n<p>Le WebLab propose de d\u00e9velopper et de partager : <\/p>\n\n\n\n<ol class=\"wp-block-list\">\n<li>des connaissances sur l&rsquo;archivage du web et son \u00e9tat de l&rsquo;art<\/li>\n\n\n\n<li>des bonnes pratiques concernant les outils et les m\u00e9thodologies de collecte et de conservation <\/li>\n\n\n\n<li>des d\u00e9marches exploratoires concernant l&rsquo;instrumentation des corpus et leur analyse, en particulier \u00e0 travers l&rsquo;utilisation des m\u00e9thodes archivistiques et scientifiques innovantes<\/li>\n\n\n\n<li>une r\u00e9flexion sur l&rsquo;utilisation du web archiv\u00e9 dans le champ acad\u00e9mique  <\/li>\n\n\n\n<li>une prise en compte syst\u00e9matique des questionnements \u00e9thiques et juridiques<\/li>\n<\/ol>\n\n\n\n<h2 class=\"wp-block-heading\">L&rsquo;\u00e9quipe du WebLab<\/h2>\n\n\n\n<p>Sophie Gebeil est ma\u00eetre de conf\u00e9rences en histoire contemporaine. Ses recherches portent sur l\u2019\u00e9tude des pratiques m\u00e9morielles fond\u00e9es sur l&rsquo;utilisation des archives du web comme source pour l\u2019historien. Membre du laboratoire TELEMMe, elle coordonne l&rsquo;atelier  <em>Visual Studies et humanit\u00e9s num\u00e9riques en M\u00e9diterran\u00e9e<\/em> et est laur\u00e9ate d&rsquo;une chaire M\u00e9diation scientifique \u00e0 l&rsquo;Institut Universitaire de France. Elle a particip\u00e9 \u00e0 plusieurs projets concernant les archives du web, sur le plan national avec l&rsquo;INA et la BNF, ainsi que sur plan international en tant que membre du collectif RESAW et du projet WARCNet (dir. Niels Br\u00fcgger). Elle est actuellement responsable du volet fran\u00e7ais du projet <em>Polyvocal Interpr\u00e9tation of Contested Colonial Heritage<\/em>. <\/p>\n\n\n\n<p>Jean-Christophe Peyssard, Ing\u00e9nieur de recherche et responsable de la M\u00e9diath\u00e8que de la MMSH.<\/p>\n\n\n\n<h2 class=\"wp-block-heading\">Pourquoi le WebLab ?<\/h2>\n\n\n\n<p>L&rsquo;organisation de la 5e conf\u00e9rence R<a href=\"https:\/\/resaw2023.sciencesconf.org\/\">ESAW en juin 2023 \u00e0 Marseille<\/a>, nous a permis de constater l&rsquo;inter\u00eat croissant, \u00e0 l&rsquo;\u00e9chelle internationale, pour les pratiques et les \u00e9tudes li\u00e9s \u00e0 l&rsquo;archivage du web. Nous avons donc souhait\u00e9 renforcer et partager les travaux pionniers conduits au sein de notre universit\u00e9 au-del\u00e0 de nos initiatives personnelles alors que l&rsquo;archivage du web fran\u00e7ais c\u00e9lebrera son 20e anniversaire en 2026 .<\/p>\n\n\n\n<p>Le WebLab b\u00e9n\u00e9ficie de la convergence d&rsquo;un int\u00e9r\u00eat collectif pour le web archiv\u00e9 sur un territoire propice \u00e0 l&rsquo;innovation. En effet, la m\u00e9diath\u00e8que de la MMSH dispose de deux Postes de Consultation Multim\u00e9dia de l&rsquo;Institut national de l&rsquo;audiovisuel donnant notamment acc\u00e8s aux archives du web m\u00e9dia. Elle est \u00e9galement partenaire du projet Virtual Mucem qui s&rsquo;appuie sur les archives du web de la Biblioth\u00e8que nationale de France. A cela s&rsquo;ajoute des collaborations r\u00e9currentes avec la d\u00e9l\u00e9gation r\u00e9gionale de l&rsquo;institut national de l&rsquo;audiovisuel et des contacts r\u00e9cents avec la biblioth\u00e8que r\u00e9gionale de l&rsquo;Alcazar ayant en charge de la collecte du web local. Le WebLab s&rsquo;appuie \u00e9galement, au niveau d&rsquo;AMU, sur une collaboration fructueuse avec les \u00e9quipes de CEDRE (r\u00e9alisation d&rsquo;une preuve de concept), la mission Science Ouverte et celle d\u00e9di\u00e9e \u00e0 l&rsquo;interdisciplinarit\u00e9. Alors que le d\u00e9p\u00f4t l\u00e9gal du web fran\u00e7ais f\u00eatera ses 20 ans en 2026, le WebLab vise \u00e0 consolider l&rsquo;expertise du site d&rsquo;Aix-Marseille, \u00e0 l&rsquo;origine de recherches pionni\u00e8res concernant l&rsquo;archivage du web. <\/p>\n\n\n\n<p>Travaux en cours : <\/p>\n\n\n\n<ul class=\"wp-block-list\">\n<li>Cr\u00e9ation d&rsquo;un s\u00e9minaire proposant des communications scientifiques interdisciplinaires, des ateliers de formation, et des \u00e9changes avec des sp\u00e9cialistes.  <\/li>\n\n\n\n<li>R\u00e9alisation d&rsquo;une preuve de concept pour la collecte et la conservation d&rsquo;un corpus de sites web en partenariat avec CEDRE <\/li>\n\n\n\n<li>Exploration pluridisciplinaire d&rsquo;un corpus de donn\u00e9es issues du web archiv\u00e9<\/li>\n<\/ul>\n\n\n\n<p>BNF Data-Lab : <a href=\"https:\/\/www.bnf.fr\/fr\/les-projets-de-recherche-bnf-datalab\">https:\/\/www.bnf.fr\/fr\/les-projets-de-recherche-bnf-datalab<\/a><\/p>\n\n\n\n<p>DISTAM : <a href=\"https:\/\/distam.hypotheses.org\/\">https:\/\/distam.hypotheses.org\/<\/a><\/p>\n\n\n\n<p>RESPADON : <a href=\"https:\/\/respadon.hypotheses.org\/\">https:\/\/respadon.hypotheses.org\/<\/a><\/p>\n\n\n\n<p>RESAW : <a href=\"https:\/\/cc.au.dk\/en\/resaw\">https:\/\/cc.au.dk\/en\/resaw<\/a><\/p>\n\n\n\n<p>IIPC : <a href=\"https:\/\/netpreserve.org\/\" target=\"_blank\" rel=\"noreferrer noopener\">https:\/\/netpreserve.org\/<\/a><\/p>\n\n\n<h1 id=\"EN\">The WebLab<\/h1>\n\n\n<p>The WebLab is a space for reflection and practice dedicated to the study of the archived web and new media, initiated by Sophie Gebeil as part of her appointment as a Scientific Mediation Chair at the Institut Universitaire de France.<\/p>\n\n\n\n<h2 class=\"wp-block-heading\">Objectives of the WebLab<\/h2>\n\n\n\n<p>The WebLab aims to develop and share:<\/p>\n\n\n\n<ol class=\"wp-block-list\">\n<li>knowledge about web archiving and its current state of the art<\/li>\n\n\n\n<li>best practices concerning tools and methodologies for collection and preservation<\/li>\n\n\n\n<li>exploratory approaches to corpus instrumentation and analysis, particularly through the use of innovative archival and scientific methods<\/li>\n\n\n\n<li>critical reflection on the use of archived web materials in academic research<\/li>\n\n\n\n<li>the systematic consideration of ethical and legal issues<\/li>\n<\/ol>\n\n\n\n<h2 class=\"wp-block-heading\">The WebLab Team<\/h2>\n\n\n\n<p>Sophie Gebeil is an Associate Professor of Contemporary History. Her research focuses on the study of memory practices based on the use of web archives as a source for historians. A member of the TELEMMe research center, she coordinates the workshop Visual Studies and Digital Humanities in the Mediterranean and holds a Scientific Mediation Chair at the Institut Universitaire de France. She has taken part in several projects involving web archives, both nationally, with the INA and the BnF, and internationally as a member of the RESAW collective and the WARCNet project (directed by Niels Br\u00fcgger). She is currently responsible for the French component of the Polyvocal Interpretation of Contested Colonial Heritage project.<br>Jean-Christophe Peyssard, Research Engineer and Head of the MMSH Media Library.<\/p>\n\n\n\n<h2 class=\"wp-block-heading\">Why the WebLab?<\/h2>\n\n\n\n<p>The organization of the 5th RESAW conference in June 2023 in Marseille made it clear to us that there is a growing international interest in practices and research related to web archiving. We therefore wanted to strengthen and share the pioneering work carried out at our university, going beyond our individual initiatives, especially as French web archiving will celebrate its 20th anniversary in 2026.<br><br>The WebLab benefits from a convergence of collective interest in archived web resources within a territory that fosters innovation. The MMSH media library, for example, hosts two Multimedia Consultation Stations from the National Audiovisual Institute (INA), which provide access to media web archives. It is also a partner of the Virtual Mucem project, which draws on the web archives of the Biblioth\u00e8que nationale de France. In addition, the media library maintains ongoing collaborations with the regional office of INA and has recently established contact with the Alcazar regional library, which is responsible for collecting local web content.<br><br>Within Aix-Marseille University, the WebLab builds on a fruitful collaboration with the CEDRE teams (who developed a proof of concept), the Open Science mission, and the mission dedicated to interdisciplinarity. As the legal deposit of the French web approaches its 20th anniversary in 2026, the WebLab seeks to consolidate Aix-Marseille\u2019s expertise, rooted in the site\u2019s pioneering research on web archiving<\/p>\n\n\n\n<p>Work in Progress:<br>&#8211; Creating a seminar featuring interdisciplinary scholarly presentations, training workshops, and exchanges with specialists.<br>&#8211; Developing a proof of concept for the collection and preservation of a corpus of websites, in partnership with CEDRE.<br>&#8211; Conducting a multidisciplinary exploration of a dataset drawn from archived web materials<\/p>\n\n\n\n<p><\/p>\n","protected":false},"excerpt":{"rendered":"<p>English version Le WebLab est un lieu de r\u00e9flexion et de pratique pour l&rsquo;\u00e9tude du web archiv\u00e9 et des nouveaux m\u00e9dias impuls\u00e9 par Sophie Gebeil en tant que laur\u00e9ate d&rsquo;une Chaire M\u00e9diation Scientifique \u00e0 l&rsquo;Institut Universitaire de France. Objectifs du WebLab Le WebLab propose de d\u00e9velopper et de partager : L&rsquo;\u00e9quipe du WebLab Sophie Gebeil&hellip; <a class=\"more-link\" href=\"https:\/\/pba.mmsh.fr\/?page_id=1465\">Poursuivre la lecture <span class=\"screen-reader-text\">WebLab<\/span><\/a><\/p>\n","protected":false},"author":8,"featured_media":0,"parent":0,"menu_order":0,"comment_status":"closed","ping_status":"closed","template":"","meta":{"footnotes":""},"class_list":["post-1465","page","type-page","status-publish","hentry","entry"],"yoast_head":"<!-- This site is optimized with the Yoast SEO plugin v27.4 - https:\/\/yoast.com\/product\/yoast-seo-wordpress\/ -->\n<title>WebLab - P\u00f4le Biblioth\u00e8ques et Archives de la MMSH<\/title>\n<meta name=\"robots\" content=\"index, follow, max-snippet:-1, max-image-preview:large, max-video-preview:-1\" \/>\n<link rel=\"canonical\" href=\"https:\/\/pba.mmsh.fr\/?page_id=1465\" \/>\n<meta property=\"og:locale\" content=\"fr_FR\" \/>\n<meta property=\"og:type\" content=\"article\" \/>\n<meta property=\"og:title\" content=\"WebLab - P\u00f4le Biblioth\u00e8ques et Archives de la MMSH\" \/>\n<meta property=\"og:description\" content=\"English version Le WebLab est un lieu de r\u00e9flexion et de pratique pour l&rsquo;\u00e9tude du web archiv\u00e9 et des nouveaux m\u00e9dias impuls\u00e9 par Sophie Gebeil en tant que laur\u00e9ate d&rsquo;une Chaire M\u00e9diation Scientifique \u00e0 l&rsquo;Institut Universitaire de France. Objectifs du WebLab Le WebLab propose de d\u00e9velopper et de partager : L&rsquo;\u00e9quipe du WebLab Sophie Gebeil&hellip; Poursuivre la lecture WebLab\" \/>\n<meta property=\"og:url\" content=\"https:\/\/pba.mmsh.fr\/?page_id=1465\" \/>\n<meta property=\"og:site_name\" content=\"P\u00f4le Biblioth\u00e8ques et Archives de la MMSH\" \/>\n<meta property=\"article:modified_time\" content=\"2026-03-11T15:32:20+00:00\" \/>\n<meta property=\"og:image\" content=\"https:\/\/pba.mmsh.fr\/wp-content\/uploads\/2022\/04\/LOGO-MMSH-UAR-2022-2.png\" \/>\n\t<meta property=\"og:image:width\" content=\"1654\" \/>\n\t<meta property=\"og:image:height\" content=\"552\" \/>\n\t<meta property=\"og:image:type\" content=\"image\/png\" \/>\n<meta name=\"twitter:card\" content=\"summary_large_image\" \/>\n<meta name=\"twitter:label1\" content=\"Dur\u00e9e de lecture estim\u00e9e\" \/>\n\t<meta name=\"twitter:data1\" content=\"6 minutes\" \/>\n<script type=\"application\/ld+json\" class=\"yoast-schema-graph\">{\"@context\":\"https:\\\/\\\/schema.org\",\"@graph\":[{\"@type\":\"WebPage\",\"@id\":\"https:\\\/\\\/pba.mmsh.fr\\\/?page_id=1465\",\"url\":\"https:\\\/\\\/pba.mmsh.fr\\\/?page_id=1465\",\"name\":\"WebLab - P\u00f4le Biblioth\u00e8ques et Archives de la MMSH\",\"isPartOf\":{\"@id\":\"https:\\\/\\\/pba.mmsh.fr\\\/#website\"},\"datePublished\":\"2024-03-27T14:24:45+00:00\",\"dateModified\":\"2026-03-11T15:32:20+00:00\",\"breadcrumb\":{\"@id\":\"https:\\\/\\\/pba.mmsh.fr\\\/?page_id=1465#breadcrumb\"},\"inLanguage\":\"fr-FR\",\"potentialAction\":[{\"@type\":\"ReadAction\",\"target\":[\"https:\\\/\\\/pba.mmsh.fr\\\/?page_id=1465\"]}]},{\"@type\":\"BreadcrumbList\",\"@id\":\"https:\\\/\\\/pba.mmsh.fr\\\/?page_id=1465#breadcrumb\",\"itemListElement\":[{\"@type\":\"ListItem\",\"position\":1,\"name\":\"Accueil\",\"item\":\"https:\\\/\\\/pba.mmsh.fr\\\/\"},{\"@type\":\"ListItem\",\"position\":2,\"name\":\"WebLab\"}]},{\"@type\":\"WebSite\",\"@id\":\"https:\\\/\\\/pba.mmsh.fr\\\/#website\",\"url\":\"https:\\\/\\\/pba.mmsh.fr\\\/\",\"name\":\"P\u00f4le Biblioth\u00e8ques et Archives de la MMSH\",\"description\":\"Biblioth\u00e8ques et Archives \u00e0 la Maison m\u00e9diterran\u00e9enne des sciences de l\u2019homme\",\"publisher\":{\"@id\":\"https:\\\/\\\/pba.mmsh.fr\\\/#organization\"},\"potentialAction\":[{\"@type\":\"SearchAction\",\"target\":{\"@type\":\"EntryPoint\",\"urlTemplate\":\"https:\\\/\\\/pba.mmsh.fr\\\/?s={search_term_string}\"},\"query-input\":{\"@type\":\"PropertyValueSpecification\",\"valueRequired\":true,\"valueName\":\"search_term_string\"}}],\"inLanguage\":\"fr-FR\"},{\"@type\":\"Organization\",\"@id\":\"https:\\\/\\\/pba.mmsh.fr\\\/#organization\",\"name\":\"P\u00f4le Biblioth\u00e8ques et Archives de la MMSH\",\"url\":\"https:\\\/\\\/pba.mmsh.fr\\\/\",\"logo\":{\"@type\":\"ImageObject\",\"inLanguage\":\"fr-FR\",\"@id\":\"https:\\\/\\\/pba.mmsh.fr\\\/#\\\/schema\\\/logo\\\/image\\\/\",\"url\":\"https:\\\/\\\/pba.mmsh.fr\\\/wp-content\\\/uploads\\\/2026\\\/01\\\/cropped-cropped-LOGO-UAR-MMSHS-coul.png\",\"contentUrl\":\"https:\\\/\\\/pba.mmsh.fr\\\/wp-content\\\/uploads\\\/2026\\\/01\\\/cropped-cropped-LOGO-UAR-MMSHS-coul.png\",\"width\":1161,\"height\":303,\"caption\":\"P\u00f4le Biblioth\u00e8ques et Archives de la MMSH\"},\"image\":{\"@id\":\"https:\\\/\\\/pba.mmsh.fr\\\/#\\\/schema\\\/logo\\\/image\\\/\"}}]}<\/script>\n<!-- \/ Yoast SEO plugin. -->","yoast_head_json":{"title":"WebLab - P\u00f4le Biblioth\u00e8ques et Archives de la MMSH","robots":{"index":"index","follow":"follow","max-snippet":"max-snippet:-1","max-image-preview":"max-image-preview:large","max-video-preview":"max-video-preview:-1"},"canonical":"https:\/\/pba.mmsh.fr\/?page_id=1465","og_locale":"fr_FR","og_type":"article","og_title":"WebLab - P\u00f4le Biblioth\u00e8ques et Archives de la MMSH","og_description":"English version Le WebLab est un lieu de r\u00e9flexion et de pratique pour l&rsquo;\u00e9tude du web archiv\u00e9 et des nouveaux m\u00e9dias impuls\u00e9 par Sophie Gebeil en tant que laur\u00e9ate d&rsquo;une Chaire M\u00e9diation Scientifique \u00e0 l&rsquo;Institut Universitaire de France. Objectifs du WebLab Le WebLab propose de d\u00e9velopper et de partager : L&rsquo;\u00e9quipe du WebLab Sophie Gebeil&hellip; Poursuivre la lecture WebLab","og_url":"https:\/\/pba.mmsh.fr\/?page_id=1465","og_site_name":"P\u00f4le Biblioth\u00e8ques et Archives de la MMSH","article_modified_time":"2026-03-11T15:32:20+00:00","og_image":[{"width":1654,"height":552,"url":"https:\/\/pba.mmsh.fr\/wp-content\/uploads\/2022\/04\/LOGO-MMSH-UAR-2022-2.png","type":"image\/png"}],"twitter_card":"summary_large_image","twitter_misc":{"Dur\u00e9e de lecture estim\u00e9e":"6 minutes"},"schema":{"@context":"https:\/\/schema.org","@graph":[{"@type":"WebPage","@id":"https:\/\/pba.mmsh.fr\/?page_id=1465","url":"https:\/\/pba.mmsh.fr\/?page_id=1465","name":"WebLab - P\u00f4le Biblioth\u00e8ques et Archives de la MMSH","isPartOf":{"@id":"https:\/\/pba.mmsh.fr\/#website"},"datePublished":"2024-03-27T14:24:45+00:00","dateModified":"2026-03-11T15:32:20+00:00","breadcrumb":{"@id":"https:\/\/pba.mmsh.fr\/?page_id=1465#breadcrumb"},"inLanguage":"fr-FR","potentialAction":[{"@type":"ReadAction","target":["https:\/\/pba.mmsh.fr\/?page_id=1465"]}]},{"@type":"BreadcrumbList","@id":"https:\/\/pba.mmsh.fr\/?page_id=1465#breadcrumb","itemListElement":[{"@type":"ListItem","position":1,"name":"Accueil","item":"https:\/\/pba.mmsh.fr\/"},{"@type":"ListItem","position":2,"name":"WebLab"}]},{"@type":"WebSite","@id":"https:\/\/pba.mmsh.fr\/#website","url":"https:\/\/pba.mmsh.fr\/","name":"P\u00f4le Biblioth\u00e8ques et Archives de la MMSH","description":"Biblioth\u00e8ques et Archives \u00e0 la Maison m\u00e9diterran\u00e9enne des sciences de l\u2019homme","publisher":{"@id":"https:\/\/pba.mmsh.fr\/#organization"},"potentialAction":[{"@type":"SearchAction","target":{"@type":"EntryPoint","urlTemplate":"https:\/\/pba.mmsh.fr\/?s={search_term_string}"},"query-input":{"@type":"PropertyValueSpecification","valueRequired":true,"valueName":"search_term_string"}}],"inLanguage":"fr-FR"},{"@type":"Organization","@id":"https:\/\/pba.mmsh.fr\/#organization","name":"P\u00f4le Biblioth\u00e8ques et Archives de la MMSH","url":"https:\/\/pba.mmsh.fr\/","logo":{"@type":"ImageObject","inLanguage":"fr-FR","@id":"https:\/\/pba.mmsh.fr\/#\/schema\/logo\/image\/","url":"https:\/\/pba.mmsh.fr\/wp-content\/uploads\/2026\/01\/cropped-cropped-LOGO-UAR-MMSHS-coul.png","contentUrl":"https:\/\/pba.mmsh.fr\/wp-content\/uploads\/2026\/01\/cropped-cropped-LOGO-UAR-MMSHS-coul.png","width":1161,"height":303,"caption":"P\u00f4le Biblioth\u00e8ques et Archives de la MMSH"},"image":{"@id":"https:\/\/pba.mmsh.fr\/#\/schema\/logo\/image\/"}}]}},"_links":{"self":[{"href":"https:\/\/pba.mmsh.fr\/index.php?rest_route=\/wp\/v2\/pages\/1465","targetHints":{"allow":["GET"]}}],"collection":[{"href":"https:\/\/pba.mmsh.fr\/index.php?rest_route=\/wp\/v2\/pages"}],"about":[{"href":"https:\/\/pba.mmsh.fr\/index.php?rest_route=\/wp\/v2\/types\/page"}],"author":[{"embeddable":true,"href":"https:\/\/pba.mmsh.fr\/index.php?rest_route=\/wp\/v2\/users\/8"}],"replies":[{"embeddable":true,"href":"https:\/\/pba.mmsh.fr\/index.php?rest_route=%2Fwp%2Fv2%2Fcomments&post=1465"}],"version-history":[{"count":23,"href":"https:\/\/pba.mmsh.fr\/index.php?rest_route=\/wp\/v2\/pages\/1465\/revisions"}],"predecessor-version":[{"id":35545,"href":"https:\/\/pba.mmsh.fr\/index.php?rest_route=\/wp\/v2\/pages\/1465\/revisions\/35545"}],"wp:attachment":[{"href":"https:\/\/pba.mmsh.fr\/index.php?rest_route=%2Fwp%2Fv2%2Fmedia&parent=1465"}],"curies":[{"name":"wp","href":"https:\/\/api.w.org\/{rel}","templated":true}]}}